{"id":6011,"date":"2025-02-03T14:59:41","date_gmt":"2025-02-03T13:59:41","guid":{"rendered":"https:\/\/svensktvisarkiv.se\/?page_id=6011"},"modified":"2025-02-24T15:27:44","modified_gmt":"2025-02-24T14:27:44","slug":"same-jiena","status":"publish","type":"page","link":"https:\/\/svensktvisarkiv.se\/sm\/same-jiena\/","title":{"rendered":"S\u00e1me jiena"},"content":{"rendered":"\n\n<div class=\"w-constrained richtext\"><external-link-icon>\n<h2 class=\"wp-block-heading\">Karl Tir\u00e9na visot b\u00e1ddemat<\/h2>\n<\/external-link-icon><\/div>\n\n<div class=\"w-constrained richtext\"><external-link-icon>\n<p>\u00c1lbmotmusihkka\u010doaggi Karl Tir\u00e9n \u00e1lggahii ie\u017eas pro\u0161eavtta dokumenteret s\u00e1mi luo\u0111i d\u00e1lvem\u00e1rkaniin \u00c1rviesj\u00e1vrries ja \u00c1rjepluoves guovvam\u00e1nus 1913. Otne leat lagabut 300 b\u00e1ddemat seailluhuvvon vaksarull\u00e1s jagis 1913-1915. Eanemus vaksarull\u00e1t leat Svenskt visarkivas Musikverkas, login\u00e1r g\u00e1vdnojit&nbsp;<a href=\"http:\/\/www.sofi.se\/\">Institutet f\u00f6r spr\u00e5k och folkminnen<\/a>.&nbsp;<\/p>\n<\/external-link-icon><\/div>\n\n<div class=\"w-constrained richtext\"><external-link-icon>\n<p><a href=\"http:\/\/katalog.visarkiv.se\/lib\/views\/kt\">Katalogii Karl Tir\u00e9na b\u00e1ddemiidda<\/a><\/p>\n<\/external-link-icon><\/div>\n\n<div class=\"w-constrained richtext\"><external-link-icon>\n<h3 class=\"wp-block-heading\">Eanet go 100 juogi oass\u00e1laste<\/h3>\n<\/external-link-icon><\/div>\n\n<div class=\"w-constrained richtext\"><external-link-icon>\n<p>\u010cuohten\u00e1r nissonat ja dievddut agiin 9 gitta 77 jagi serve fonografasylindariin mat identifierejuvvojedje dego Tir\u00e9na b\u00e1ddemat \u2013 m\u00e1\u014bga rullat leat da\u0111i bah\u00e1but bill\u00e1nan jagiid mielde. Fonografab\u00e1ddemat sisdollet stuorimus oass\u00e1i lu\u0111iid, muhto g\u00e1vdnojit maid ovdamearkkat s\u00e1mi muitaleamis, dramatiserejuvvon s\u00e1gastallamat soag\u014bu oktavuo\u0111as, \u010duojaheapmi f\u00e1tnuin (oboel\u00e1g\u00e1n njurgg\u00e1n dahkkon f\u00e1tnus\/boskkas ) ja suoma l\u00e1vllut.<\/p>\n<\/external-link-icon><\/div>\n\n<div class=\"w-constrained richtext\"><external-link-icon>\n<p><a href=\"https:\/\/musikverket.se\/svensktvisarkiv\/karl-tiren\/medverkande\/?lang=sm\">Loga eanet daid birra geat oass\u00e1laste<\/a><\/p>\n<\/external-link-icon><\/div>\n\n<div class=\"w-constrained richtext\"><external-link-icon>\n<h3 class=\"wp-block-heading\">S\u00e1mi luo\u0111i birra<\/h3>\n<\/external-link-icon><\/div>\n\n<div class=\"w-constrained richtext\"><external-link-icon>\n<p>Juoigat lea erenoam\u00e1\u0161 s\u00e1mi vuohki l\u00e1vlut ja ii g\u00e1vdno ie\u017e\u00e1 \u00e1lbmogiid luhtte. S\u00e1pmela\u0161 Kristoffer Sjulsson (1828-1908) \u010dilge s\u00e1mi luo\u0111i 1900 jahke\u010duohtemolsumis \u010duovvova\u010d\u010dat: \u201c[lu\u0111iin] juoigi add\u00e1 ie\u017eas gova olbmo dehe \u00e1vdnasa ie\u0161vuo\u0111as ja maid ie\u017eas dovdduid dehe muittuid sis. Juoiggai sin dehe muittuid sis mat lihkke mielas go muittii olbmo dehe \u00e1vdnasa.\u201d \u010cilgehus govveda luo\u0111i \u00e1rbevirola\u0161 v\u00e1immu: sosi\u00e1la gulahallanvuohki gos jurdagat olbmuid, ealibiid ja b\u00e1ikkiid birra \u2013 ja gaskavuohta d\u00e1idda \u2013 h\u00e1pma\u0161uvvo musihkas ja teavsttas. &nbsp;<\/p>\n<\/external-link-icon><\/div>\n\n<div class=\"w-constrained richtext\"><external-link-icon>\n<p><a href=\"https:\/\/svensktvisarkiv.se\/sm\/same-jiena\/juoigan\/\">Loga eanet juoigama birra<\/a><\/p>\n<\/external-link-icon><\/div>\n\n<div class=\"w-constrained richtext\"><external-link-icon>\n<h3 class=\"wp-block-heading\">Guldal b\u00e1ddemiid<\/h3>\n<\/external-link-icon><\/div>\n\n<div class=\"w-constrained richtext\"><external-link-icon>\n<p>\u010cuohti jagi ma\u014b\u014bil go Karl Tir\u00e9n&nbsp; dagai vuostta\u0161 b\u00e1ddemiin lu\u0111iin de&nbsp; dahkko vejola\u017e\u017ean gullat d\u00e1n erenoam\u00e1\u0161 materi\u00e1la fierpmis da\u0111i mielde. Pro\u0161eavtta duogis lea Svenskt visarkiv Musikverketis ovttasbargguin Suopman-, b\u00e1ikenamma- ja \u00e1lbmotmuitovuorkk\u00e1in Ubmejes (<a href=\"http:\/\/www.sprakochfolkminnen.se\/\">Institutet f\u00f6r spr\u00e5k och folkminnen<\/a>) ja&nbsp;<a href=\"http:\/\/www.ajtte.com\/\">\u00c1jtte S\u00e1me- ja duottarmuseain<\/a>. Oas\u00e1\u0161 b\u00e1ddemiin lea ovdal almmuhuvvon cd-skearrus,&nbsp;<em>Samiska r\u00f6ster,&nbsp;<\/em>Svea Fonogram (2003).<\/p>\n<\/external-link-icon><\/div>\n\n<div class=\"w-constrained richtext\"><external-link-icon>\n<h3 class=\"wp-block-heading\">N\u00e1 b\u00e1ddejedje<\/h3>\n<\/external-link-icon><\/div>\n\n<div class=\"w-constrained richtext\"><external-link-icon>\n<p>\u00c1lggus Karl Tir\u00e9n dokumenterii \u0161uo\u014baid nuohtta\u010d\u00e1llosiin, muhto 1913 r\u00e1jis son oa\u010d\u010dui vejola\u0161vuo\u0111a b\u00e1ddet d\u00e1n \u00e1iggi&nbsp; jietnab\u00e1ddenteknihkain man leai vejola\u0161 guoddit mielde: v\u00e1ksarull\u00e1t fonografii. Naturhistoriska riksmuseeta etnogr\u00e1fala\u0161 ossodat (otne&nbsp;<a href=\"https:\/\/www.etnografiskamuseet.se\/\" target=\"_blank\" rel=\"noreferrer noopener\">Etnografiska museet<\/a>) ordnejedje rusttegiid ja m\u00e1kse b\u00e1ddenm\u00e1tkkiid fonografain.<\/p>\n<\/external-link-icon><\/div>\n\n<div class=\"w-constrained richtext\"><external-link-icon>\n<p><a href=\"https:\/\/svensktvisarkiv.se\/sm\/same-jiena\/fonografa-vuosttas-baddenteknihkka\/\">Loga eanet fonografteknihka birra<\/a><\/p>\n<\/external-link-icon><\/div>\n\n<div class=\"w-constrained richtext\"><external-link-icon>\n<p>V\u00e1ksarullaide Tiren b\u00e1ddii s\u00e1mi juiggiid geat h\u00e1liidedje searvat, ja de b\u00e1ddii go son ie\u0161 fijuvllain dehe l\u00e1vlluin ovdanbuvttii muhtin su ovddibut \u010d\u00e1llon lu\u0111iin.<\/p>\n<\/external-link-icon><\/div>\n\n<div class=\"w-constrained richtext\"><external-link-icon>\n<p><a href=\"https:\/\/svensktvisarkiv.se\/sm\/same-jiena\/karl-tirena-baddenmatkkit\/\">Loga eanet b\u00e1ddenm\u00e1tkkiid birra<\/a><\/p>\n<\/external-link-icon><\/div>","protected":false},"excerpt":{"rendered":"<p>Karl Tir\u00e9na visot b\u00e1ddemat \u00c1lbmotmusihkka\u010doaggi Karl Tir\u00e9n \u00e1lggahii ie\u017eas pro\u0161eavtta dokumenteret s\u00e1mi luo\u0111i d\u00e1lvem\u00e1rkaniin \u00c1rviesj\u00e1vrries ja \u00c1rjepluoves guovvam\u00e1nus 1913. Otne leat lagabut 300 b\u00e1ddemat seailluhuvvon vaksarull\u00e1s jagis 1913-1915. Eanemus vaksarull\u00e1t leat Svenskt visarkivas Musikverkas, login\u00e1r g\u00e1vdnojit&nbsp;Institutet f\u00f6r spr\u00e5k och folkminnen.&nbsp; Katalogii Karl Tir\u00e9na b\u00e1ddemiidda Eanet go 100 juogi oass\u00e1laste \u010cuohten\u00e1r nissonat ja dievddut agiin 9 [&hellip;]<\/p>\n","protected":false},"author":2,"featured_media":0,"parent":0,"menu_order":0,"comment_status":"closed","ping_status":"closed","template":"","meta":{"_acf_changed":false,"footnotes":""},"class_list":["post-6011","page","type-page","status-publish","hentry"],"acf":[],"yoast_head":"<!-- This site is optimized with the Yoast SEO plugin v25.8 - https:\/\/yoast.com\/wordpress\/plugins\/seo\/ -->\n<title>S\u00e1me jiena - Svenskt visarkiv<\/title>\n<meta name=\"robots\" content=\"index, follow, max-snippet:-1, max-image-preview:large, max-video-preview:-1\" \/>\n<link rel=\"canonical\" href=\"https:\/\/svensktvisarkiv.se\/sm\/same-jiena\/\" \/>\n<meta property=\"og:locale\" content=\"en_US\" \/>\n<meta property=\"og:type\" content=\"article\" \/>\n<meta property=\"og:title\" content=\"S\u00e1me jiena - Svenskt visarkiv\" \/>\n<meta property=\"og:description\" content=\"Karl Tir\u00e9na visot b\u00e1ddemat \u00c1lbmotmusihkka\u010doaggi Karl Tir\u00e9n \u00e1lggahii ie\u017eas pro\u0161eavtta dokumenteret s\u00e1mi luo\u0111i d\u00e1lvem\u00e1rkaniin \u00c1rviesj\u00e1vrries ja \u00c1rjepluoves guovvam\u00e1nus 1913. Otne leat lagabut 300 b\u00e1ddemat seailluhuvvon vaksarull\u00e1s jagis 1913-1915. Eanemus vaksarull\u00e1t leat Svenskt visarkivas Musikverkas, login\u00e1r g\u00e1vdnojit&nbsp;Institutet f\u00f6r spr\u00e5k och folkminnen.&nbsp; Katalogii Karl Tir\u00e9na b\u00e1ddemiidda Eanet go 100 juogi oass\u00e1laste \u010cuohten\u00e1r nissonat ja dievddut agiin 9 [&hellip;]\" \/>\n<meta property=\"og:url\" content=\"https:\/\/svensktvisarkiv.se\/sm\/same-jiena\/\" \/>\n<meta property=\"og:site_name\" content=\"Svenskt visarkiv\" \/>\n<meta property=\"article:modified_time\" content=\"2025-02-24T14:27:44+00:00\" \/>\n<meta name=\"twitter:card\" content=\"summary_large_image\" \/>\n<meta name=\"twitter:label1\" content=\"Est. reading time\" \/>\n\t<meta name=\"twitter:data1\" content=\"2 minutes\" \/>\n<script type=\"application\/ld+json\" class=\"yoast-schema-graph\">{\"@context\":\"https:\/\/schema.org\",\"@graph\":[{\"@type\":\"WebPage\",\"@id\":\"https:\/\/svensktvisarkiv.se\/sm\/same-jiena\/\",\"url\":\"https:\/\/svensktvisarkiv.se\/sm\/same-jiena\/\",\"name\":\"S\u00e1me jiena - Svenskt visarkiv\",\"isPartOf\":{\"@id\":\"https:\/\/svensktvisarkiv.se\/#website\"},\"datePublished\":\"2025-02-03T13:59:41+00:00\",\"dateModified\":\"2025-02-24T14:27:44+00:00\",\"breadcrumb\":{\"@id\":\"https:\/\/svensktvisarkiv.se\/sm\/same-jiena\/#breadcrumb\"},\"inLanguage\":\"sm\",\"potentialAction\":[{\"@type\":\"ReadAction\",\"target\":[\"https:\/\/svensktvisarkiv.se\/sm\/same-jiena\/\"]}]},{\"@type\":\"BreadcrumbList\",\"@id\":\"https:\/\/svensktvisarkiv.se\/sm\/same-jiena\/#breadcrumb\",\"itemListElement\":[{\"@type\":\"ListItem\",\"position\":1,\"name\":\"Home\",\"item\":\"https:\/\/svensktvisarkiv.se\/\"},{\"@type\":\"ListItem\",\"position\":2,\"name\":\"S\u00e1me jiena\"}]},{\"@type\":\"WebSite\",\"@id\":\"https:\/\/svensktvisarkiv.se\/#website\",\"url\":\"https:\/\/svensktvisarkiv.se\/\",\"name\":\"Svenskt visarkiv\",\"description\":\"\",\"potentialAction\":[{\"@type\":\"SearchAction\",\"target\":{\"@type\":\"EntryPoint\",\"urlTemplate\":\"https:\/\/svensktvisarkiv.se\/?s={search_term_string}\"},\"query-input\":{\"@type\":\"PropertyValueSpecification\",\"valueRequired\":true,\"valueName\":\"search_term_string\"}}],\"inLanguage\":\"sm\"}]}<\/script>\n<!-- \/ Yoast SEO plugin. -->","yoast_head_json":{"title":"S\u00e1me jiena - Svenskt visarkiv","robots":{"index":"index","follow":"follow","max-snippet":"max-snippet:-1","max-image-preview":"max-image-preview:large","max-video-preview":"max-video-preview:-1"},"canonical":"https:\/\/svensktvisarkiv.se\/sm\/same-jiena\/","og_locale":"en_US","og_type":"article","og_title":"S\u00e1me jiena - Svenskt visarkiv","og_description":"Karl Tir\u00e9na visot b\u00e1ddemat \u00c1lbmotmusihkka\u010doaggi Karl Tir\u00e9n \u00e1lggahii ie\u017eas pro\u0161eavtta dokumenteret s\u00e1mi luo\u0111i d\u00e1lvem\u00e1rkaniin \u00c1rviesj\u00e1vrries ja \u00c1rjepluoves guovvam\u00e1nus 1913. Otne leat lagabut 300 b\u00e1ddemat seailluhuvvon vaksarull\u00e1s jagis 1913-1915. Eanemus vaksarull\u00e1t leat Svenskt visarkivas Musikverkas, login\u00e1r g\u00e1vdnojit&nbsp;Institutet f\u00f6r spr\u00e5k och folkminnen.&nbsp; Katalogii Karl Tir\u00e9na b\u00e1ddemiidda Eanet go 100 juogi oass\u00e1laste \u010cuohten\u00e1r nissonat ja dievddut agiin 9 [&hellip;]","og_url":"https:\/\/svensktvisarkiv.se\/sm\/same-jiena\/","og_site_name":"Svenskt visarkiv","article_modified_time":"2025-02-24T14:27:44+00:00","twitter_card":"summary_large_image","twitter_misc":{"Est. reading time":"2 minutes"},"schema":{"@context":"https:\/\/schema.org","@graph":[{"@type":"WebPage","@id":"https:\/\/svensktvisarkiv.se\/sm\/same-jiena\/","url":"https:\/\/svensktvisarkiv.se\/sm\/same-jiena\/","name":"S\u00e1me jiena - Svenskt visarkiv","isPartOf":{"@id":"https:\/\/svensktvisarkiv.se\/#website"},"datePublished":"2025-02-03T13:59:41+00:00","dateModified":"2025-02-24T14:27:44+00:00","breadcrumb":{"@id":"https:\/\/svensktvisarkiv.se\/sm\/same-jiena\/#breadcrumb"},"inLanguage":"sm","potentialAction":[{"@type":"ReadAction","target":["https:\/\/svensktvisarkiv.se\/sm\/same-jiena\/"]}]},{"@type":"BreadcrumbList","@id":"https:\/\/svensktvisarkiv.se\/sm\/same-jiena\/#breadcrumb","itemListElement":[{"@type":"ListItem","position":1,"name":"Home","item":"https:\/\/svensktvisarkiv.se\/"},{"@type":"ListItem","position":2,"name":"S\u00e1me jiena"}]},{"@type":"WebSite","@id":"https:\/\/svensktvisarkiv.se\/#website","url":"https:\/\/svensktvisarkiv.se\/","name":"Svenskt visarkiv","description":"","potentialAction":[{"@type":"SearchAction","target":{"@type":"EntryPoint","urlTemplate":"https:\/\/svensktvisarkiv.se\/?s={search_term_string}"},"query-input":{"@type":"PropertyValueSpecification","valueRequired":true,"valueName":"search_term_string"}}],"inLanguage":"sm"}]}},"_links":{"self":[{"href":"https:\/\/svensktvisarkiv.se\/sm\/wp-json\/wp\/v2\/pages\/6011","targetHints":{"allow":["GET"]}}],"collection":[{"href":"https:\/\/svensktvisarkiv.se\/sm\/wp-json\/wp\/v2\/pages"}],"about":[{"href":"https:\/\/svensktvisarkiv.se\/sm\/wp-json\/wp\/v2\/types\/page"}],"author":[{"embeddable":true,"href":"https:\/\/svensktvisarkiv.se\/sm\/wp-json\/wp\/v2\/users\/2"}],"replies":[{"embeddable":true,"href":"https:\/\/svensktvisarkiv.se\/sm\/wp-json\/wp\/v2\/comments?post=6011"}],"version-history":[{"count":4,"href":"https:\/\/svensktvisarkiv.se\/sm\/wp-json\/wp\/v2\/pages\/6011\/revisions"}],"predecessor-version":[{"id":6035,"href":"https:\/\/svensktvisarkiv.se\/sm\/wp-json\/wp\/v2\/pages\/6011\/revisions\/6035"}],"wp:attachment":[{"href":"https:\/\/svensktvisarkiv.se\/sm\/wp-json\/wp\/v2\/media?parent=6011"}],"curies":[{"name":"wp","href":"https:\/\/api.w.org\/{rel}","templated":true}]}}