{"id":6016,"date":"2025-02-03T15:10:36","date_gmt":"2025-02-03T14:10:36","guid":{"rendered":"https:\/\/svensktvisarkiv.se\/?page_id=6016"},"modified":"2025-02-24T15:46:44","modified_gmt":"2025-02-24T14:46:44","slug":"fonografa-vuosttas-baddenteknihkka","status":"publish","type":"page","link":"https:\/\/svensktvisarkiv.se\/sm\/same-jiena\/fonografa-vuosttas-baddenteknihkka\/","title":{"rendered":"Fonogr\u00e1fa \u2013 vuostta\u0161 b\u00e1ddenteknihkka"},"content":{"rendered":"\n\n<div class=\"w-constrained richtext\"><external-link-icon>\n<p>Fonogr\u00e1fa lea oll\u00e1t mek\u00e1nala\u0161 teknihkka ja ii g\u00e1ibit el-r\u00e1vnnji doaibmat. Ii g\u00e1vdno mikrofovdna, gievrudeaddji dehe sk\u00e1jan fonogr\u00e1fas \u2013 d\u00e1vj\u00e1 vaksarull\u00e1 jo\u0111ii fjeadara vehkiin mii lea diibmoh\u00e1mis.<\/p>\n<\/external-link-icon><\/div>\n\n<div class=\"w-constrained richtext\"><external-link-icon>\n<h2 class=\"wp-block-heading\">\u00c1rviesj\u00e1vrries Afrihk\u00e1i<\/h2>\n<\/external-link-icon><\/div>\n\n<div class=\"w-constrained richtext\"><external-link-icon>\n<p>Mek\u00e1nala\u0161 teknihkka, ja maid go s\u00e1htii r\u00e1hkadit rusttegiid unnin ja \u00e1lkin, fonogr\u00e1fa \u0161attai bivnnut teknihkka dokumenteret jiena ja musihka \u010doagginm\u00e1tkkiin ja ekspedi\u0161uvnnain guovlluide guhkkin eret g\u00e1vpogiin.<\/p>\n<\/external-link-icon><\/div>\n\n<div class=\"w-constrained richtext\"><external-link-icon>\n<p>Karl Tir\u00e9na juoiganb\u00e1ddemiid lassin, mii \u00e1lggahuvvui d\u00e1lvem\u00e1rkaniin \u00c1rviesj\u00e1vrries ja \u00c1rjepluoves 1913, de Etnografiska museet Stockholmmas doarjjui 1910-logus m\u00e1\u014bggaid ekspedi\u0161uvnnaid Afrihk\u00e1i, Australiai, Lulleamerihkii ja Ruon\u00e1eatnamii. Maid suopman- ja \u00e1lbmotmuitovuorkk\u00e1t Ruo\u0167as fonogr\u00e1fab\u00e1ddejedje d\u00e1n \u00e1iggi.<\/p>\n<\/external-link-icon><\/div>\n\n<div class=\"richtext w-constrained\">\n<figure class=\"wp-block-image size-large\"><img loading=\"lazy\" decoding=\"async\" width=\"1024\" height=\"678\" src=\"https:\/\/svensktvisarkiv.se\/wp-content\/uploads\/sites\/5\/2025\/02\/SVA-bild-7819-1024x678.png\" alt=\"\" class=\"wp-image-5396\" srcset=\"https:\/\/svensktvisarkiv.se\/wp-content\/uploads\/sites\/5\/2025\/02\/SVA-bild-7819-1024x678.png 1024w, https:\/\/svensktvisarkiv.se\/wp-content\/uploads\/sites\/5\/2025\/02\/SVA-bild-7819-300x199.png 300w, https:\/\/svensktvisarkiv.se\/wp-content\/uploads\/sites\/5\/2025\/02\/SVA-bild-7819-768x509.png 768w, https:\/\/svensktvisarkiv.se\/wp-content\/uploads\/sites\/5\/2025\/02\/SVA-bild-7819-1536x1018.png 1536w, https:\/\/svensktvisarkiv.se\/wp-content\/uploads\/sites\/5\/2025\/02\/SVA-bild-7819.png 1600w\" sizes=\"auto, (max-width: 1024px) 100vw, 1024px\" \/><figcaption class=\"wp-element-caption\">Foto: Narcisso Contreras<\/figcaption><\/figure>\n<\/div>\n\n<div class=\"w-constrained richtext\"><external-link-icon>\n<h2 class=\"wp-block-heading\">B\u00e1ddet ja guldalit<\/h2>\n<\/external-link-icon><\/div>\n\n<div class=\"w-constrained richtext\"><external-link-icon>\n<p>Go b\u00e1dde de l\u00e1vlu dehe \u010duojaha fonogr\u00e1fatr\u00e1httii. Dan seakkes gea\u017eis lea jietnadoassa mas lea membr\u00e1na, gos hervenn\u00e1llu lea. Membr\u00e1na nupp\u00e1stuhtt\u00e1 jietnab\u00e1ruid lihkastagaide ja n\u00e1llu \u010duvvo daid ja herve luotta dan jorri vaksarull\u00e1i.<\/p>\n<\/external-link-icon><\/div>\n\n<div class=\"w-constrained richtext\"><external-link-icon>\n<p>Go galggai guldalit de jorgalii manu ja lonuhii jietnadossui jorba n\u00e1luin. N\u00e1llu \u010duvvo jietnaluotta vulos ja baj\u00e1s dan jorri v\u00e1ksarull\u00e1s, membr\u00e1na nupp\u00e1stuhtt\u00e1 lihkastaga jietnab\u00e1rrui mii de leavv\u00e1 tr\u00e1hta bokte.<\/p>\n<\/external-link-icon><\/div>\n\n<div class=\"w-constrained richtext\"><external-link-icon>\n<h2 class=\"wp-block-heading\">Vaksarull\u00e1id lea v\u00e1ttis merket<\/h2>\n<\/external-link-icon><\/div>\n\n<div class=\"w-constrained richtext\"><external-link-icon>\n<p>V\u00e1ksarull\u00e1id leai v\u00e1ttis merket, go dain ii lean etikeahtta gasku dego grammofovdnaskerruin. Dan sajis \u00e1lggahuvvui ja loahpahuvvui b\u00e1dden d\u00e1inna ahte muitalii mii leai b\u00e1ddemis \u2013 dagai dan ovdal ja ma\u014b\u014bil b\u00e1ddema.<\/p>\n<\/external-link-icon><\/div>\n\n<div class=\"w-constrained richtext\"><external-link-icon>\n<p>Fonograf\u00e1 leavttu s\u00e1htii maid muktit \u2013 da\u0111i jo\u0111\u00e1neappo b\u00e1ddenleaktu leai da\u0111i buoret jietnakvalitehta muhto de \u0161attai oanibut b\u00e1dden\u00e1igi. Jus galggai mearridit rivttes \u010duojahanleavttu de muhtimiin b\u00e1ddii refer\u00e1nsa\u0161uo\u014ba.<\/p>\n<\/external-link-icon><\/div>\n\n<div class=\"w-constrained richtext\"><external-link-icon>\n<h2 class=\"wp-block-heading\">Karl Tir\u00e9n ja fonografa<\/h2>\n<\/external-link-icon><\/div>\n\n<div class=\"w-constrained richtext\"><external-link-icon>\n<p>Karl Tir\u00e9n leai oahppan geavahit fonografa Yngve Laurellas Etnografiska museas, guhte leai oahppan teknihka dan dalle m\u00e1ilmmenjunu\u0161 dutkanvuorkk\u00e1s \u00e1lbmotmusihkas olles m\u00e1ilmmis, Berliner Phonogramm-Archiv Berlinas.<\/p>\n<\/external-link-icon><\/div>\n\n<div class=\"w-constrained richtext\"><external-link-icon>\n<p>Tir\u00e9na b\u00e1ddemiin gull\u00e1 got son muitala daid b\u00e1ddemiid birra berlinvuorkk\u00e1 vuogi mielde \u2013 gii galg\u00e1 juoigat ja maid galg\u00e1 juoigat \u2013 ja die\u0111iha refer\u00e1nsa\u0161uo\u014ba stevnenbiippuin ovdde\u0161\u00e1iggi kammar\u0161uo\u014bain (a<sup>1<\/sup>=435 Hertz).<\/p>\n<\/external-link-icon><\/div>\n\n<div class=\"w-constrained richtext\"><external-link-icon>\n<h2 class=\"wp-block-heading\">Tir\u00e9na b\u00e1ddemiid sirdin<\/h2>\n<\/external-link-icon><\/div>\n\n<div class=\"w-constrained richtext\"><external-link-icon>\n<p>Go sird\u00e1 fonografarull\u00e1id otne de dahkko o\u0111\u0111ad\u00e1igasepmosiid, elektrovnnala\u0161 m\u00e1\u0161iinnain. Karl Tir\u00e9na fonografab\u00e1ddemat leat daid ma\u014bemus jahkelogiid moddii sirdojuvvon. Jagi 1984 sirdojuvvojedje rullab\u00e1ttiide Anders Schillingas ovddit Arkivet f\u00f6r ljud och bild (otne lea Kungl. Biblioteketa ossodat audiovisu\u00e1la mediaide). Jagiid 1990 birra dahkkui sirdin Sveriges Radios, Mats Brolinas ja Inger Stenmanas.<\/p>\n<\/external-link-icon><\/div>\n\n<div class=\"w-constrained richtext\"><external-link-icon>\n<p>Sullii 40 Tir\u00e9na b\u00e1ddemiin, , Gunnar Ternhag v\u00e1lljen, almmuhuvvojedje cd:s 2003 (<em>Samiska r\u00f6ster<\/em>, Svea fonogram SVCD 9). Teknihkala\u0161 v\u00e1lmma\u0161tallama dagai Kjell Lolax, AIM Studio.\u00a0Cd-skearru ver\u0161uvnnat Tir\u00e9na fonografarull\u00e1in leat mielde d\u00e1n webbaovdanbuktimii.<\/p>\n<\/external-link-icon><\/div>\n\n<div class=\"w-constrained richtext\"><external-link-icon>\n<p><a href=\"https:\/\/svensktvisarkiv.se\/sm\/same-jiena\/\">Ruovttuluotta s\u00e1mi jienaide<\/a><\/p>\n<\/external-link-icon><\/div>","protected":false},"excerpt":{"rendered":"<p>Fonogr\u00e1fa lea oll\u00e1t mek\u00e1nala\u0161 teknihkka ja ii g\u00e1ibit el-r\u00e1vnnji doaibmat. Ii g\u00e1vdno mikrofovdna, gievrudeaddji dehe sk\u00e1jan fonogr\u00e1fas \u2013 d\u00e1vj\u00e1 vaksarull\u00e1 jo\u0111ii fjeadara vehkiin mii lea diibmoh\u00e1mis. \u00c1rviesj\u00e1vrries Afrihk\u00e1i Mek\u00e1nala\u0161 teknihkka, ja maid go s\u00e1htii r\u00e1hkadit rusttegiid unnin ja \u00e1lkin, fonogr\u00e1fa \u0161attai bivnnut teknihkka dokumenteret jiena ja musihka \u010doagginm\u00e1tkkiin ja ekspedi\u0161uvnnain guovlluide guhkkin eret g\u00e1vpogiin. Karl [&hellip;]<\/p>\n","protected":false},"author":2,"featured_media":0,"parent":6011,"menu_order":0,"comment_status":"closed","ping_status":"closed","template":"","meta":{"_acf_changed":false,"footnotes":""},"class_list":["post-6016","page","type-page","status-publish","hentry"],"acf":[],"yoast_head":"<!-- This site is optimized with the Yoast SEO plugin v25.8 - https:\/\/yoast.com\/wordpress\/plugins\/seo\/ -->\n<title>Fonogr\u00e1fa \u2013 vuostta\u0161 b\u00e1ddenteknihkka - Svenskt visarkiv<\/title>\n<meta name=\"robots\" content=\"index, follow, max-snippet:-1, max-image-preview:large, max-video-preview:-1\" \/>\n<link rel=\"canonical\" href=\"https:\/\/svensktvisarkiv.se\/sm\/same-jiena\/fonografa-vuosttas-baddenteknihkka\/\" \/>\n<meta property=\"og:locale\" content=\"en_US\" \/>\n<meta property=\"og:type\" content=\"article\" \/>\n<meta property=\"og:title\" content=\"Fonogr\u00e1fa \u2013 vuostta\u0161 b\u00e1ddenteknihkka - Svenskt visarkiv\" \/>\n<meta property=\"og:description\" content=\"Fonogr\u00e1fa lea oll\u00e1t mek\u00e1nala\u0161 teknihkka ja ii g\u00e1ibit el-r\u00e1vnnji doaibmat. Ii g\u00e1vdno mikrofovdna, gievrudeaddji dehe sk\u00e1jan fonogr\u00e1fas \u2013 d\u00e1vj\u00e1 vaksarull\u00e1 jo\u0111ii fjeadara vehkiin mii lea diibmoh\u00e1mis. \u00c1rviesj\u00e1vrries Afrihk\u00e1i Mek\u00e1nala\u0161 teknihkka, ja maid go s\u00e1htii r\u00e1hkadit rusttegiid unnin ja \u00e1lkin, fonogr\u00e1fa \u0161attai bivnnut teknihkka dokumenteret jiena ja musihka \u010doagginm\u00e1tkkiin ja ekspedi\u0161uvnnain guovlluide guhkkin eret g\u00e1vpogiin. Karl [&hellip;]\" \/>\n<meta property=\"og:url\" content=\"https:\/\/svensktvisarkiv.se\/sm\/same-jiena\/fonografa-vuosttas-baddenteknihkka\/\" \/>\n<meta property=\"og:site_name\" content=\"Svenskt visarkiv\" \/>\n<meta property=\"article:modified_time\" content=\"2025-02-24T14:46:44+00:00\" \/>\n<meta property=\"og:image\" content=\"https:\/\/svensktvisarkiv.se\/wp-content\/uploads\/sites\/5\/2025\/02\/SVA-bild-7819-1024x678.png\" \/>\n<meta name=\"twitter:card\" content=\"summary_large_image\" \/>\n<meta name=\"twitter:label1\" content=\"Est. reading time\" \/>\n\t<meta name=\"twitter:data1\" content=\"2 minutes\" \/>\n<script type=\"application\/ld+json\" class=\"yoast-schema-graph\">{\"@context\":\"https:\/\/schema.org\",\"@graph\":[{\"@type\":\"WebPage\",\"@id\":\"https:\/\/svensktvisarkiv.se\/sm\/same-jiena\/fonografa-vuosttas-baddenteknihkka\/\",\"url\":\"https:\/\/svensktvisarkiv.se\/sm\/same-jiena\/fonografa-vuosttas-baddenteknihkka\/\",\"name\":\"Fonogr\u00e1fa \u2013 vuostta\u0161 b\u00e1ddenteknihkka - Svenskt visarkiv\",\"isPartOf\":{\"@id\":\"https:\/\/svensktvisarkiv.se\/#website\"},\"primaryImageOfPage\":{\"@id\":\"https:\/\/svensktvisarkiv.se\/sm\/same-jiena\/fonografa-vuosttas-baddenteknihkka\/#primaryimage\"},\"image\":{\"@id\":\"https:\/\/svensktvisarkiv.se\/sm\/same-jiena\/fonografa-vuosttas-baddenteknihkka\/#primaryimage\"},\"thumbnailUrl\":\"https:\/\/svensktvisarkiv.se\/wp-content\/uploads\/sites\/5\/2025\/02\/SVA-bild-7819-1024x678.png\",\"datePublished\":\"2025-02-03T14:10:36+00:00\",\"dateModified\":\"2025-02-24T14:46:44+00:00\",\"breadcrumb\":{\"@id\":\"https:\/\/svensktvisarkiv.se\/sm\/same-jiena\/fonografa-vuosttas-baddenteknihkka\/#breadcrumb\"},\"inLanguage\":\"sm\",\"potentialAction\":[{\"@type\":\"ReadAction\",\"target\":[\"https:\/\/svensktvisarkiv.se\/sm\/same-jiena\/fonografa-vuosttas-baddenteknihkka\/\"]}]},{\"@type\":\"ImageObject\",\"inLanguage\":\"sm\",\"@id\":\"https:\/\/svensktvisarkiv.se\/sm\/same-jiena\/fonografa-vuosttas-baddenteknihkka\/#primaryimage\",\"url\":\"https:\/\/svensktvisarkiv.se\/wp-content\/uploads\/sites\/5\/2025\/02\/SVA-bild-7819-1024x678.png\",\"contentUrl\":\"https:\/\/svensktvisarkiv.se\/wp-content\/uploads\/sites\/5\/2025\/02\/SVA-bild-7819-1024x678.png\"},{\"@type\":\"BreadcrumbList\",\"@id\":\"https:\/\/svensktvisarkiv.se\/sm\/same-jiena\/fonografa-vuosttas-baddenteknihkka\/#breadcrumb\",\"itemListElement\":[{\"@type\":\"ListItem\",\"position\":1,\"name\":\"Home\",\"item\":\"https:\/\/svensktvisarkiv.se\/\"},{\"@type\":\"ListItem\",\"position\":2,\"name\":\"S\u00e1me jiena\",\"item\":\"https:\/\/svensktvisarkiv.se\/sm\/same-jiena\/\"},{\"@type\":\"ListItem\",\"position\":3,\"name\":\"Fonogr\u00e1fa \u2013 vuostta\u0161 b\u00e1ddenteknihkka\"}]},{\"@type\":\"WebSite\",\"@id\":\"https:\/\/svensktvisarkiv.se\/#website\",\"url\":\"https:\/\/svensktvisarkiv.se\/\",\"name\":\"Svenskt visarkiv\",\"description\":\"\",\"potentialAction\":[{\"@type\":\"SearchAction\",\"target\":{\"@type\":\"EntryPoint\",\"urlTemplate\":\"https:\/\/svensktvisarkiv.se\/?s={search_term_string}\"},\"query-input\":{\"@type\":\"PropertyValueSpecification\",\"valueRequired\":true,\"valueName\":\"search_term_string\"}}],\"inLanguage\":\"sm\"}]}<\/script>\n<!-- \/ Yoast SEO plugin. -->","yoast_head_json":{"title":"Fonogr\u00e1fa \u2013 vuostta\u0161 b\u00e1ddenteknihkka - Svenskt visarkiv","robots":{"index":"index","follow":"follow","max-snippet":"max-snippet:-1","max-image-preview":"max-image-preview:large","max-video-preview":"max-video-preview:-1"},"canonical":"https:\/\/svensktvisarkiv.se\/sm\/same-jiena\/fonografa-vuosttas-baddenteknihkka\/","og_locale":"en_US","og_type":"article","og_title":"Fonogr\u00e1fa \u2013 vuostta\u0161 b\u00e1ddenteknihkka - Svenskt visarkiv","og_description":"Fonogr\u00e1fa lea oll\u00e1t mek\u00e1nala\u0161 teknihkka ja ii g\u00e1ibit el-r\u00e1vnnji doaibmat. Ii g\u00e1vdno mikrofovdna, gievrudeaddji dehe sk\u00e1jan fonogr\u00e1fas \u2013 d\u00e1vj\u00e1 vaksarull\u00e1 jo\u0111ii fjeadara vehkiin mii lea diibmoh\u00e1mis. \u00c1rviesj\u00e1vrries Afrihk\u00e1i Mek\u00e1nala\u0161 teknihkka, ja maid go s\u00e1htii r\u00e1hkadit rusttegiid unnin ja \u00e1lkin, fonogr\u00e1fa \u0161attai bivnnut teknihkka dokumenteret jiena ja musihka \u010doagginm\u00e1tkkiin ja ekspedi\u0161uvnnain guovlluide guhkkin eret g\u00e1vpogiin. Karl [&hellip;]","og_url":"https:\/\/svensktvisarkiv.se\/sm\/same-jiena\/fonografa-vuosttas-baddenteknihkka\/","og_site_name":"Svenskt visarkiv","article_modified_time":"2025-02-24T14:46:44+00:00","og_image":[{"url":"https:\/\/svensktvisarkiv.se\/wp-content\/uploads\/sites\/5\/2025\/02\/SVA-bild-7819-1024x678.png","type":"","width":"","height":""}],"twitter_card":"summary_large_image","twitter_misc":{"Est. reading time":"2 minutes"},"schema":{"@context":"https:\/\/schema.org","@graph":[{"@type":"WebPage","@id":"https:\/\/svensktvisarkiv.se\/sm\/same-jiena\/fonografa-vuosttas-baddenteknihkka\/","url":"https:\/\/svensktvisarkiv.se\/sm\/same-jiena\/fonografa-vuosttas-baddenteknihkka\/","name":"Fonogr\u00e1fa \u2013 vuostta\u0161 b\u00e1ddenteknihkka - Svenskt visarkiv","isPartOf":{"@id":"https:\/\/svensktvisarkiv.se\/#website"},"primaryImageOfPage":{"@id":"https:\/\/svensktvisarkiv.se\/sm\/same-jiena\/fonografa-vuosttas-baddenteknihkka\/#primaryimage"},"image":{"@id":"https:\/\/svensktvisarkiv.se\/sm\/same-jiena\/fonografa-vuosttas-baddenteknihkka\/#primaryimage"},"thumbnailUrl":"https:\/\/svensktvisarkiv.se\/wp-content\/uploads\/sites\/5\/2025\/02\/SVA-bild-7819-1024x678.png","datePublished":"2025-02-03T14:10:36+00:00","dateModified":"2025-02-24T14:46:44+00:00","breadcrumb":{"@id":"https:\/\/svensktvisarkiv.se\/sm\/same-jiena\/fonografa-vuosttas-baddenteknihkka\/#breadcrumb"},"inLanguage":"sm","potentialAction":[{"@type":"ReadAction","target":["https:\/\/svensktvisarkiv.se\/sm\/same-jiena\/fonografa-vuosttas-baddenteknihkka\/"]}]},{"@type":"ImageObject","inLanguage":"sm","@id":"https:\/\/svensktvisarkiv.se\/sm\/same-jiena\/fonografa-vuosttas-baddenteknihkka\/#primaryimage","url":"https:\/\/svensktvisarkiv.se\/wp-content\/uploads\/sites\/5\/2025\/02\/SVA-bild-7819-1024x678.png","contentUrl":"https:\/\/svensktvisarkiv.se\/wp-content\/uploads\/sites\/5\/2025\/02\/SVA-bild-7819-1024x678.png"},{"@type":"BreadcrumbList","@id":"https:\/\/svensktvisarkiv.se\/sm\/same-jiena\/fonografa-vuosttas-baddenteknihkka\/#breadcrumb","itemListElement":[{"@type":"ListItem","position":1,"name":"Home","item":"https:\/\/svensktvisarkiv.se\/"},{"@type":"ListItem","position":2,"name":"S\u00e1me jiena","item":"https:\/\/svensktvisarkiv.se\/sm\/same-jiena\/"},{"@type":"ListItem","position":3,"name":"Fonogr\u00e1fa \u2013 vuostta\u0161 b\u00e1ddenteknihkka"}]},{"@type":"WebSite","@id":"https:\/\/svensktvisarkiv.se\/#website","url":"https:\/\/svensktvisarkiv.se\/","name":"Svenskt visarkiv","description":"","potentialAction":[{"@type":"SearchAction","target":{"@type":"EntryPoint","urlTemplate":"https:\/\/svensktvisarkiv.se\/?s={search_term_string}"},"query-input":{"@type":"PropertyValueSpecification","valueRequired":true,"valueName":"search_term_string"}}],"inLanguage":"sm"}]}},"_links":{"self":[{"href":"https:\/\/svensktvisarkiv.se\/sm\/wp-json\/wp\/v2\/pages\/6016","targetHints":{"allow":["GET"]}}],"collection":[{"href":"https:\/\/svensktvisarkiv.se\/sm\/wp-json\/wp\/v2\/pages"}],"about":[{"href":"https:\/\/svensktvisarkiv.se\/sm\/wp-json\/wp\/v2\/types\/page"}],"author":[{"embeddable":true,"href":"https:\/\/svensktvisarkiv.se\/sm\/wp-json\/wp\/v2\/users\/2"}],"replies":[{"embeddable":true,"href":"https:\/\/svensktvisarkiv.se\/sm\/wp-json\/wp\/v2\/comments?post=6016"}],"version-history":[{"count":5,"href":"https:\/\/svensktvisarkiv.se\/sm\/wp-json\/wp\/v2\/pages\/6016\/revisions"}],"predecessor-version":[{"id":6039,"href":"https:\/\/svensktvisarkiv.se\/sm\/wp-json\/wp\/v2\/pages\/6016\/revisions\/6039"}],"up":[{"embeddable":true,"href":"https:\/\/svensktvisarkiv.se\/sm\/wp-json\/wp\/v2\/pages\/6011"}],"wp:attachment":[{"href":"https:\/\/svensktvisarkiv.se\/sm\/wp-json\/wp\/v2\/media?parent=6016"}],"curies":[{"name":"wp","href":"https:\/\/api.w.org\/{rel}","templated":true}]}}