{"id":6024,"date":"2025-02-03T15:56:11","date_gmt":"2025-02-03T14:56:11","guid":{"rendered":"https:\/\/svensktvisarkiv.se\/?page_id=6024"},"modified":"2025-02-24T15:26:09","modified_gmt":"2025-02-24T14:26:09","slug":"karl-tirena-baddenmatkkit","status":"publish","type":"page","link":"https:\/\/svensktvisarkiv.se\/sm\/same-jiena\/karl-tirena-baddenmatkkit\/","title":{"rendered":"Karl Tir\u00e9na b\u00e1ddenm\u00e1tkkit"},"content":{"rendered":"\n\n<div class=\"w-constrained richtext\"><external-link-icon>\n<p>Vuostta\u0161 b\u00e1ddenm\u00e1tkki manai d\u00e1lvem\u00e1rkaniidda \u00c1rviesj\u00e1vrries ja \u00c1rjepluoves guovvam\u00e1nus 1913. Suoidnem\u00e1nus 1913 Tir\u00e9n \u010da\u0111ahii \u010doagginm\u00e1tkki gos son \u00e1lggahii fonografab\u00e1ddemiid \u2013 eanemusat Deartn\u00e1s dan nu goh\u010d\u010doduvvon rohkohallanbeaivebasi (b\u00f6ndagshelg) \u2013 ja dan ma\u014b\u014bil jotkkii \u010doaggima \u010d\u00e1llit gulu mielde.<\/p>\n<\/external-link-icon><\/div>\n\n<div class=\"w-constrained richtext\"><external-link-icon>\n<p>O\u0111\u0111ajagim\u00e1nus 1914 Tir\u00e9n manai d\u00e1lvem\u00e1rkanis Liksjoes ja Sjelties joatkkit b\u00e1ddendoaimma. Geasset 1914 &nbsp;dahkkojedje b\u00e1ddemat m\u00e1tkkis J\u00e5hk\u00e5m\u00e5hkk\u00e1i ja Huhtt\u00e1nii geassim\u00e1nu loahpas eananhearr\u00e1 Walter Murraya \u010doahkkimiid oktavuo\u0111as sierra b\u00e1ikkiin boazodolliin. Tir\u00e9na ma\u014bemus gieddeb\u00e1dden fonografain dahkkui golggotm\u00e1nus 1915, dan oktavuo\u0111as go son leai bovdehuvvon guossin Maria Persson- Johanssona heajaide. Son lea okta dain deh\u00e1leamos juigiin.<\/p>\n<\/external-link-icon><\/div>\n\n<div class=\"w-constrained richtext\"><external-link-icon>\n<h2 class=\"wp-block-heading\">D\u00e1lvem\u00e1rkanat \u00c1rviesj\u00e1vrries ja \u00c1rjepluovves 1913<\/h2>\n<\/external-link-icon><\/div>\n\n<div class=\"w-constrained richtext\"><external-link-icon>\n<p>Vuostta\u0161 b\u00e1ddemiid Karl Tir\u00e9n dagai d\u00e1lvem\u00e1rkaniin \u00c1rviesj\u00e1vrries, guovvam\u00e1nu 8\u20139 beivviid. &nbsp;Dan ma\u014b\u014bil Tir\u00e9n jotkkii \u00c1rjepluovv\u00e1i gos maid galggai leat m\u00e1rkan. Ovdal d\u00e1n m\u00e1tkki sus leai leama\u0161 oktavuohta Maria Perssoniin, guhte divttii Tir\u00e9na b\u00e1ddet su viesus, dohko gosa maid bovdii sogaid ja ustibiid juoigat.<\/p>\n<\/external-link-icon><\/div>\n\n<div class=\"w-constrained richtext\"><external-link-icon>\n<p>\u00c1rviesj\u00e1vrries Tir\u00e9n leai oahpastuvvan \u010d\u00e1lliin ja ruovttoguovlludiv\u0161\u0161\u00e1riin Karl-Erik Forsslundain (1872\u20131941). Son searvvai Tir\u00e9na b\u00e1ddenbarggus \u00c1rjepluovves ja \u010d\u00e1lii guhkes artihkkala,&nbsp;<em>N\u00e4r lapparna joika<\/em>, su dovdduid birra. Artihkal almmuhuvvui Dagens Nyheternas njuk\u010dam\u00e1nu 2 beaivvi 1913.<\/p>\n<\/external-link-icon><\/div>\n\n<div class=\"w-constrained richtext\"><external-link-icon>\n<h2 class=\"wp-block-heading\">Govahallamat juigiin<\/h2>\n<\/external-link-icon><\/div>\n\n<div class=\"w-constrained richtext\"><external-link-icon>\n<p>Artihkkalis Forslund dahk\u00e1 sm\u00e1vva govahallamiid m\u00e1\u014bggaid juigiin geat ledje sajis ja son \u010dilge got b\u00e1ddebargu dahkkui, mii dahk\u00e1 artihkkala lohkanveara ja movttiidahtt\u00e1 dan vejola\u0161vuo\u0111adahkamii d\u00e1n oktavuo\u0111as.<\/p>\n<\/external-link-icon><\/div>\n\n<div class=\"w-constrained richtext\"><external-link-icon>\n<p>Forsslunda teaksta lea seaguhus romantala\u0161 eksotismas s\u00e1miid eallimis ja kultuvrras seamm\u00e1s go son geah\u010d\u010dala \u010dilget ja bealu\u0161tit juoigama dego guhk\u00e1s ovd\u00e1nan musihkkah\u00e1pmi \u2013 juoga mii leai Karl Tir\u00e9na vuolggasadji ie\u017eas barggus s\u00e1mi musihkain. <\/p>\n<\/external-link-icon><\/div>\n\n<div class=\"w-constrained richtext\"><external-link-icon>\n<p><a href=\"https:\/\/musikverket.se\/svensktvisarkiv\/i-samlingarna\/inspelningar\/karl-tiren\/?lang=sm\"><\/a><a href=\"https:\/\/svensktvisarkiv.se\/sm\/same-jiena\/\">Ruovttuluotta s\u00e1mi jienaide<\/a><\/p>\n<\/external-link-icon><\/div>","protected":false},"excerpt":{"rendered":"<p>Vuostta\u0161 b\u00e1ddenm\u00e1tkki manai d\u00e1lvem\u00e1rkaniidda \u00c1rviesj\u00e1vrries ja \u00c1rjepluoves guovvam\u00e1nus 1913. Suoidnem\u00e1nus 1913 Tir\u00e9n \u010da\u0111ahii \u010doagginm\u00e1tkki gos son \u00e1lggahii fonografab\u00e1ddemiid \u2013 eanemusat Deartn\u00e1s dan nu goh\u010d\u010doduvvon rohkohallanbeaivebasi (b\u00f6ndagshelg) \u2013 ja dan ma\u014b\u014bil jotkkii \u010doaggima \u010d\u00e1llit gulu mielde. O\u0111\u0111ajagim\u00e1nus 1914 Tir\u00e9n manai d\u00e1lvem\u00e1rkanis Liksjoes ja Sjelties joatkkit b\u00e1ddendoaimma. Geasset 1914 &nbsp;dahkkojedje b\u00e1ddemat m\u00e1tkkis J\u00e5hk\u00e5m\u00e5hkk\u00e1i ja Huhtt\u00e1nii geassim\u00e1nu loahpas [&hellip;]<\/p>\n","protected":false},"author":2,"featured_media":0,"parent":6011,"menu_order":0,"comment_status":"closed","ping_status":"closed","template":"","meta":{"_acf_changed":false,"footnotes":""},"class_list":["post-6024","page","type-page","status-publish","hentry"],"acf":[],"yoast_head":"<!-- This site is optimized with the Yoast SEO plugin v25.8 - https:\/\/yoast.com\/wordpress\/plugins\/seo\/ -->\n<title>Karl Tir\u00e9na b\u00e1ddenm\u00e1tkkit - Svenskt visarkiv<\/title>\n<meta name=\"robots\" content=\"index, follow, max-snippet:-1, max-image-preview:large, max-video-preview:-1\" \/>\n<link rel=\"canonical\" href=\"https:\/\/svensktvisarkiv.se\/sm\/same-jiena\/karl-tirena-baddenmatkkit\/\" \/>\n<meta property=\"og:locale\" content=\"en_US\" \/>\n<meta property=\"og:type\" content=\"article\" \/>\n<meta property=\"og:title\" content=\"Karl Tir\u00e9na b\u00e1ddenm\u00e1tkkit - Svenskt visarkiv\" \/>\n<meta property=\"og:description\" content=\"Vuostta\u0161 b\u00e1ddenm\u00e1tkki manai d\u00e1lvem\u00e1rkaniidda \u00c1rviesj\u00e1vrries ja \u00c1rjepluoves guovvam\u00e1nus 1913. Suoidnem\u00e1nus 1913 Tir\u00e9n \u010da\u0111ahii \u010doagginm\u00e1tkki gos son \u00e1lggahii fonografab\u00e1ddemiid \u2013 eanemusat Deartn\u00e1s dan nu goh\u010d\u010doduvvon rohkohallanbeaivebasi (b\u00f6ndagshelg) \u2013 ja dan ma\u014b\u014bil jotkkii \u010doaggima \u010d\u00e1llit gulu mielde. O\u0111\u0111ajagim\u00e1nus 1914 Tir\u00e9n manai d\u00e1lvem\u00e1rkanis Liksjoes ja Sjelties joatkkit b\u00e1ddendoaimma. Geasset 1914 &nbsp;dahkkojedje b\u00e1ddemat m\u00e1tkkis J\u00e5hk\u00e5m\u00e5hkk\u00e1i ja Huhtt\u00e1nii geassim\u00e1nu loahpas [&hellip;]\" \/>\n<meta property=\"og:url\" content=\"https:\/\/svensktvisarkiv.se\/sm\/same-jiena\/karl-tirena-baddenmatkkit\/\" \/>\n<meta property=\"og:site_name\" content=\"Svenskt visarkiv\" \/>\n<meta property=\"article:modified_time\" content=\"2025-02-24T14:26:09+00:00\" \/>\n<meta name=\"twitter:card\" content=\"summary_large_image\" \/>\n<meta name=\"twitter:label1\" content=\"Est. reading time\" \/>\n\t<meta name=\"twitter:data1\" content=\"2 minutes\" \/>\n<script type=\"application\/ld+json\" class=\"yoast-schema-graph\">{\"@context\":\"https:\/\/schema.org\",\"@graph\":[{\"@type\":\"WebPage\",\"@id\":\"https:\/\/svensktvisarkiv.se\/sm\/same-jiena\/karl-tirena-baddenmatkkit\/\",\"url\":\"https:\/\/svensktvisarkiv.se\/sm\/same-jiena\/karl-tirena-baddenmatkkit\/\",\"name\":\"Karl Tir\u00e9na b\u00e1ddenm\u00e1tkkit - Svenskt visarkiv\",\"isPartOf\":{\"@id\":\"https:\/\/svensktvisarkiv.se\/#website\"},\"datePublished\":\"2025-02-03T14:56:11+00:00\",\"dateModified\":\"2025-02-24T14:26:09+00:00\",\"breadcrumb\":{\"@id\":\"https:\/\/svensktvisarkiv.se\/sm\/same-jiena\/karl-tirena-baddenmatkkit\/#breadcrumb\"},\"inLanguage\":\"sm\",\"potentialAction\":[{\"@type\":\"ReadAction\",\"target\":[\"https:\/\/svensktvisarkiv.se\/sm\/same-jiena\/karl-tirena-baddenmatkkit\/\"]}]},{\"@type\":\"BreadcrumbList\",\"@id\":\"https:\/\/svensktvisarkiv.se\/sm\/same-jiena\/karl-tirena-baddenmatkkit\/#breadcrumb\",\"itemListElement\":[{\"@type\":\"ListItem\",\"position\":1,\"name\":\"Home\",\"item\":\"https:\/\/svensktvisarkiv.se\/\"},{\"@type\":\"ListItem\",\"position\":2,\"name\":\"S\u00e1me jiena\",\"item\":\"https:\/\/svensktvisarkiv.se\/sm\/same-jiena\/\"},{\"@type\":\"ListItem\",\"position\":3,\"name\":\"Karl Tir\u00e9na b\u00e1ddenm\u00e1tkkit\"}]},{\"@type\":\"WebSite\",\"@id\":\"https:\/\/svensktvisarkiv.se\/#website\",\"url\":\"https:\/\/svensktvisarkiv.se\/\",\"name\":\"Svenskt visarkiv\",\"description\":\"\",\"potentialAction\":[{\"@type\":\"SearchAction\",\"target\":{\"@type\":\"EntryPoint\",\"urlTemplate\":\"https:\/\/svensktvisarkiv.se\/?s={search_term_string}\"},\"query-input\":{\"@type\":\"PropertyValueSpecification\",\"valueRequired\":true,\"valueName\":\"search_term_string\"}}],\"inLanguage\":\"sm\"}]}<\/script>\n<!-- \/ Yoast SEO plugin. -->","yoast_head_json":{"title":"Karl Tir\u00e9na b\u00e1ddenm\u00e1tkkit - Svenskt visarkiv","robots":{"index":"index","follow":"follow","max-snippet":"max-snippet:-1","max-image-preview":"max-image-preview:large","max-video-preview":"max-video-preview:-1"},"canonical":"https:\/\/svensktvisarkiv.se\/sm\/same-jiena\/karl-tirena-baddenmatkkit\/","og_locale":"en_US","og_type":"article","og_title":"Karl Tir\u00e9na b\u00e1ddenm\u00e1tkkit - Svenskt visarkiv","og_description":"Vuostta\u0161 b\u00e1ddenm\u00e1tkki manai d\u00e1lvem\u00e1rkaniidda \u00c1rviesj\u00e1vrries ja \u00c1rjepluoves guovvam\u00e1nus 1913. Suoidnem\u00e1nus 1913 Tir\u00e9n \u010da\u0111ahii \u010doagginm\u00e1tkki gos son \u00e1lggahii fonografab\u00e1ddemiid \u2013 eanemusat Deartn\u00e1s dan nu goh\u010d\u010doduvvon rohkohallanbeaivebasi (b\u00f6ndagshelg) \u2013 ja dan ma\u014b\u014bil jotkkii \u010doaggima \u010d\u00e1llit gulu mielde. O\u0111\u0111ajagim\u00e1nus 1914 Tir\u00e9n manai d\u00e1lvem\u00e1rkanis Liksjoes ja Sjelties joatkkit b\u00e1ddendoaimma. Geasset 1914 &nbsp;dahkkojedje b\u00e1ddemat m\u00e1tkkis J\u00e5hk\u00e5m\u00e5hkk\u00e1i ja Huhtt\u00e1nii geassim\u00e1nu loahpas [&hellip;]","og_url":"https:\/\/svensktvisarkiv.se\/sm\/same-jiena\/karl-tirena-baddenmatkkit\/","og_site_name":"Svenskt visarkiv","article_modified_time":"2025-02-24T14:26:09+00:00","twitter_card":"summary_large_image","twitter_misc":{"Est. reading time":"2 minutes"},"schema":{"@context":"https:\/\/schema.org","@graph":[{"@type":"WebPage","@id":"https:\/\/svensktvisarkiv.se\/sm\/same-jiena\/karl-tirena-baddenmatkkit\/","url":"https:\/\/svensktvisarkiv.se\/sm\/same-jiena\/karl-tirena-baddenmatkkit\/","name":"Karl Tir\u00e9na b\u00e1ddenm\u00e1tkkit - Svenskt visarkiv","isPartOf":{"@id":"https:\/\/svensktvisarkiv.se\/#website"},"datePublished":"2025-02-03T14:56:11+00:00","dateModified":"2025-02-24T14:26:09+00:00","breadcrumb":{"@id":"https:\/\/svensktvisarkiv.se\/sm\/same-jiena\/karl-tirena-baddenmatkkit\/#breadcrumb"},"inLanguage":"sm","potentialAction":[{"@type":"ReadAction","target":["https:\/\/svensktvisarkiv.se\/sm\/same-jiena\/karl-tirena-baddenmatkkit\/"]}]},{"@type":"BreadcrumbList","@id":"https:\/\/svensktvisarkiv.se\/sm\/same-jiena\/karl-tirena-baddenmatkkit\/#breadcrumb","itemListElement":[{"@type":"ListItem","position":1,"name":"Home","item":"https:\/\/svensktvisarkiv.se\/"},{"@type":"ListItem","position":2,"name":"S\u00e1me jiena","item":"https:\/\/svensktvisarkiv.se\/sm\/same-jiena\/"},{"@type":"ListItem","position":3,"name":"Karl Tir\u00e9na b\u00e1ddenm\u00e1tkkit"}]},{"@type":"WebSite","@id":"https:\/\/svensktvisarkiv.se\/#website","url":"https:\/\/svensktvisarkiv.se\/","name":"Svenskt visarkiv","description":"","potentialAction":[{"@type":"SearchAction","target":{"@type":"EntryPoint","urlTemplate":"https:\/\/svensktvisarkiv.se\/?s={search_term_string}"},"query-input":{"@type":"PropertyValueSpecification","valueRequired":true,"valueName":"search_term_string"}}],"inLanguage":"sm"}]}},"_links":{"self":[{"href":"https:\/\/svensktvisarkiv.se\/sm\/wp-json\/wp\/v2\/pages\/6024","targetHints":{"allow":["GET"]}}],"collection":[{"href":"https:\/\/svensktvisarkiv.se\/sm\/wp-json\/wp\/v2\/pages"}],"about":[{"href":"https:\/\/svensktvisarkiv.se\/sm\/wp-json\/wp\/v2\/types\/page"}],"author":[{"embeddable":true,"href":"https:\/\/svensktvisarkiv.se\/sm\/wp-json\/wp\/v2\/users\/2"}],"replies":[{"embeddable":true,"href":"https:\/\/svensktvisarkiv.se\/sm\/wp-json\/wp\/v2\/comments?post=6024"}],"version-history":[{"count":3,"href":"https:\/\/svensktvisarkiv.se\/sm\/wp-json\/wp\/v2\/pages\/6024\/revisions"}],"predecessor-version":[{"id":6033,"href":"https:\/\/svensktvisarkiv.se\/sm\/wp-json\/wp\/v2\/pages\/6024\/revisions\/6033"}],"up":[{"embeddable":true,"href":"https:\/\/svensktvisarkiv.se\/sm\/wp-json\/wp\/v2\/pages\/6011"}],"wp:attachment":[{"href":"https:\/\/svensktvisarkiv.se\/sm\/wp-json\/wp\/v2\/media?parent=6024"}],"curies":[{"name":"wp","href":"https:\/\/api.w.org\/{rel}","templated":true}]}}